{"version":"1.0","provider_name":"\u00c1ll\u00e1skaland","provider_url":"https:\/\/allaskaland.cafeblog.hu","author_name":"\u00c1ll\u00e1skaland","author_url":"https:\/\/allaskaland.cafeblog.hu\/author\/zolddio\/","title":"Milyen a j\u00f3 \u00f6n\u00e9letrajz?","html":"<p>Sz\u00e1mtalan helyr\u0151l gy\u0171jthet\u00fcnk inform\u00e1ci\u00f3t arr\u00f3l, milyen is legyen <strong>az a dokumentum, amin kereszt\u00fcl leend\u0151 munkaad\u00f3nk el\u0151sz\u00f6r tal\u00e1lkozik vel\u00fcnk,<\/strong> a szem\u00e9lyis\u00e9g\u00fcnkkel, tapasztalatainkkal \u00e9s k\u00e9szs\u00e9geinkkel. Rengeteg \u00f6n\u00e9letrajzminta kering a neten, magyar \u00e9s k\u00fclf\u00f6ldi oldalakr\u00f3l egyar\u00e1nt mer\u00edthet\u00fcnk \u00f6tleteket, s\u0151t k\u00e9sz sablonokat is let\u00f6lthet\u00fcnk. Hazai \u00e1ll\u00e1skeres\u0151 oldalak - regisztr\u00e1ci\u00f3 ut\u00e1n - szint\u00e9n k\u00edn\u00e1lnak mint\u00e1kat, amelyeket kit\u00f6lt\u00e9s ut\u00e1n lementhet\u00fcnk a sz\u00e1m\u00edt\u00f3g\u00e9p\u00fcnkre, \u00e9s szabadon felhaszn\u00e1lhatunk.<\/p>\r\n[caption id=\"attachment_88\" align=\"alignleft\" width=\"300\"]<a href=\"https:\/\/hu.pinterest.com\/pin\/305822630922032535\/\"><img class=\"wp-image-88 size-medium\" src=\"https:\/\/allaskaland.cafeblog.hu\/files\/2015\/03\/a85cb5fa3a89fb2a200526ac53f73e20-300x266.jpg\" alt=\"\" width=\"300\" height=\"266\" \/><\/a> Forr\u00e1s: Pinterest[\/caption]\r\n<p>Nem c\u00e9lom, hogy most k\u00f6zz\u00e9tegyek egyetlen j\u00f3 sablont, hiszen ilyen nem is l\u00e9tezik. Eddigi munk\u00e1im sor\u00e1n el\u00e9g sok CV-vel tal\u00e1lkoztam, \u00e9s szerencs\u00e9m volt egy ideig seg\u00edteni is olyan \u00e1ll\u00e1skeres\u0151knek, akik nem tudt\u00e1k, hogyan v\u00e1gjanak bele az \u00f6n\u00e9letrajz elk\u00e9sz\u00edt\u00e9s\u00e9be. Sokf\u00e9le \u00f6n\u00e9letrajz lehet \"j\u00f3\", \u00e9s b\u00e1r ide\u00e1lis esetben nem ezek kin\u00e9zete \u00e9s fel\u00e9p\u00edt\u00e9se d\u00f6nt a p\u00e1ly\u00e1zat sikeress\u00e9g\u00e9r\u0151l, a munkaad\u00f3kat igenis megfoghatja a k\u00fclalak, \u00e9s mondjuk el\u0151bb h\u00edvj\u00e1k be \u00e1ll\u00e1sinterj\u00fara egy rendezett, \u00e1tl\u00e1that\u00f3 irom\u00e1ny tulajdonos\u00e1t, mint egy kusza, zavaros \u00f6n\u00e9letrajz alkot\u00f3j\u00e1t.\u00a0<\/p>\r\n<p><strong>Le\u00edrom, \u00e9n milyen szempontokat vettem figyelembe a saj\u00e1tom elk\u00e9sz\u00edt\u00e9sekor.<\/strong><\/p>\r\n<p>Amit biztosan tudtam, hogy nem szeretn\u00e9k sablon alapj\u00e1n dolgozni, igyekeztem egyedit k\u00e9sz\u00edteni (\u00edgy a kreativit\u00e1somat is ki\u00e9lhettem :)). Kis kutakod\u00e1s k\u00f6vetkezett, ami alapj\u00e1n j\u00f3 n\u00e9h\u00e1ny \u00f6n\u00e9letrajzmint\u00e1t \u00e1tn\u00e9ztem, magyar \u00e9s k\u00fclf\u00f6ldi oldalakr\u00f3l egyar\u00e1nt. Elk\u00e9pzeltem, hogy \u00e9n munkaad\u00f3k\u00e9nt milyen kin\u00e9zetet tal\u00e1ln\u00e9k szimpatikusnak, melyiket venn\u00e9m sz\u00edvesen a kezembe. V\u00e9g\u00fcl \u00f6sszegy\u0171jt\u00f6ttem a sz\u00e1momra fontos jegyeket, \u00e9s egy \u00fcres Word dokumentumban egys\u00e9gess\u00e9 \"gy\u00fartam\" \u0151ket.<\/p>\r\n<p><strong>A k\u00fclalak:<\/strong><\/p>\r\n<p>- A nevemet viszonylag nagy bet\u0171m\u00e9rettel \u00edrtam, ez a leghangs\u00falyosabb sor az eg\u00e9sz dokumentumban. \u00dagy gondolom, a f\u00e9nyk\u00e9pem mellett ez az a jegy, ami alapj\u00e1n a munk\u00e1ltat\u00f3 k\u00e9s\u0151bb k\u00f6nnyen, egyetlen pillant\u00e1sra beazonos\u00edt.<\/p>\r\n<p>- A nevem ut\u00e1n, a lap bal oldal\u00e1n a f\u0151bb adataimat kisebb bet\u0171vel, de j\u00f3l l\u00e1that\u00f3an jelen\u00edtettem meg, hogy adott esetben k\u00f6nnyen kapcsolatba tudjanak velem l\u00e9pni. :)<\/p>\r\n<p>- Jobb oldalra ker\u00fclt a f\u00e9nyk\u00e9pem. Olyat v\u00e1lasztottam, ami nevet\u0151s, vid\u00e1m, hiszen pozit\u00edv k\u00e9pet szeretn\u00e9k magamr\u00f3l sugallni. <strong>Hamar elvetettem a fekete-feh\u00e9r fot\u00f3 \u00f6tlet\u00e9t, mindenk\u00e9ppen sz\u00edneset szerette volna,<\/strong> s\u0151t, direkt olyan k\u00e9pet kerestem, amin nem fekete-feh\u00e9rben vagyok, hanem egy hangs\u00falyos, m\u00e1lyvasz\u00edn\u0171 fels\u0151ben. A k\u00e9p h\u00e1ttere term\u00e9szetesen egysz\u00edn\u0171, \u00edgy hivatalosabbnak t\u0171nik, ehhez egy kis photoshopol\u00e1sra volt sz\u00fcks\u00e9g. Az \u00e9n f\u00e9nyk\u00e9pemet profi fot\u00f3s k\u00e9sz\u00edtette (b\u00e1r nem \u00e1ll\u00e1skeres\u00e9s c\u00e9lj\u00e1b\u00f3l :)), de a mai technik\u00e1val ak\u00e1r otthon is el lehet kattintani az ide\u00e1lis fot\u00f3t. L\u00e9nyeges, hogy \u00e9les \u00e9s vil\u00e1gos legyen.<\/p>\r\n<p>- Az \u00e1tl\u00e1that\u00f3s\u00e1g jegy\u00e9ben a c\u00edmszavakat (Szakmai tapasztalat, Tanulm\u00e1nyok stb.) j\u00f3val nagyobb bet\u0171vel \u00edrtam a sz\u00f6vegt\u00f6rzsn\u00e9l, \u00e9s sz\u00ednessel: a f\u00e9nyk\u00e9pemen l\u00e1that\u00f3 m\u00e1lyvasz\u00edn\u0171 fels\u0151 sz\u00edn\u00e9vel harmoniz\u00e1l\u00f3 \u00e1rnyalattal sz\u00edneztem ki ezeket a sorokat, \u00e9s fentebb a nevemet is. Persze nem akartam csirics\u00e1r\u00e9, sz\u00ednes-szagos levelez\u0151lapot gener\u00e1lni a CV-b\u0151l, \u00edgy a t\u00f6bbi tartalom szigor\u00faan fekete sz\u00edn\u0171. Azonban azt gondolom, ez az egy plusz sz\u00edn vid\u00e1ms\u00e1got, egyedis\u00e9get ad az \u00f6n\u00e9letrajzomnak, megjegyezhet\u0151v\u00e9 teszi. <strong>FONTOS: az \u00f6n\u00e9letrajznak term\u00e9szetesen \u00f6sszhangban kell lennie a megp\u00e1ly\u00e1zott poz\u00edci\u00f3val.<\/strong> \u00c9n \u00e1ltal\u00e1ban kreativit\u00e1st, lend\u00fcletess\u00e9get ig\u00e9nyl\u0151 junior munkak\u00f6r\u00f6kre jelentkezem, a komolyabb, menedzseri\/vezet\u0151i vagy pl. a gazdas\u00e1gi szektorban elk\u00e9pzelhet\u0151, hogy \u00e9n is ragaszkodn\u00e9k a fekete-feh\u00e9r CV-hez. (Azt\u00e1n designerek vagy IT-sok lehetnek m\u00e9g b\u00e1trabbak: ma m\u00e1r nem ritk\u00e1k az eg\u00e9szen extr\u00e9m form\u00e1ban k\u00e9sz\u00fcl\u0151 \u00f6n\u00e9letrajzok sem, k\u00e9sz\u00edthet\u00fcnk magunkr\u00f3l prezent\u00e1ci\u00f3t, bros\u00far\u00e1t, s\u0151t weblapot vagy infografik\u00e1t is.)<\/p>\r\n<p>- Figyeltem az egys\u00e9gess\u00e9gre is: mindenhol ugyanakkora legyen a sork\u00f6z, a bekezd\u00e9s, a bet\u0171m\u00e9ret. Szerintem ez nem csak akkor fontos, ha halad\u00f3 Office kezel\u00e9st k\u00e9r a jelentkez\u0151kt\u0151l a hirdet\u0151 munkahely, egy\u00e9bk\u00e9nt is \u00f6sszeszedetts\u00e9get, tudatoss\u00e1got sug\u00e1roz.<\/p>\r\n<p>- Az \u00f6n\u00e9letrajzom k\u00e9t oldalas. B\u00e1r <a href=\"https:\/\/allaskaland.cafeblog.hu\/2015\/03\/16\/latogatas-a-munkaugyi-kirendeltsegen\/\">a munka\u00fcgyi k\u00f6zpontban, a csoportos t\u00e1j\u00e9koztat\u00f3n<\/a> hangs\u00falyozt\u00e1k, hogy a munk\u00e1ltat\u00f3k soha nem n\u00e9znek \u00e1t a m\u00e1sodik oldalra, nekem m\u00e1s a tapasztalatom. A munk\u00e1ltat\u00f3k nemcsak az el\u0151z\u0151 poz\u00edci\u00f3imra k\u00edv\u00e1ncsiak, amelyek az els\u0151 oldalra kif\u00e9rnek, hanem a tanulm\u00e1nyaimra, a nyelvtud\u00e1somra \u00e9s egyre ink\u00e1bb a szem\u00e9lyes k\u00e9szs\u00e9geimre is, amik mind-mind a m\u00e1sodik oldalon sorakoznak. H\u00e1rom oldalt azonban - a magas vezet\u0151i poz\u00edci\u00f3kon k\u00edv\u00fcl - t\u00e9nyleg nem \u00e9rdemes megt\u00f6lteni, az m\u00e1r t\u00falbuzg\u00f3s\u00e1gnak vagy \u00f6nf\u00e9nyez\u00e9snek t\u0171nhet.<\/p>\r\n<p>- Ami a form\u00e1tumot illeti, mindig pdf-et gener\u00e1lok a word doksib\u00f3l: az komolyabbnak hat, \u00e9s biztosan nem cs\u00faszik sz\u00e9t megnyit\u00e1skor vagy nyomtat\u00e1skor.<\/p>\r\n<p><strong class=\"wp-image-91 \">A tartalom:<\/strong><\/p>\r\n<p>- A szem\u00e9lyes r\u00e9szben nem r\u00e9szleteztem a csal\u00e1di \u00e1llapotomat, viszont beker\u00fclt a sz\u00fclet\u00e9si d\u00e1tumom, a lakc\u00edmem, a telefonsz\u00e1mom \u00e9s az email c\u00edmem.<\/p>\r\n<p>- A szem\u00e9lyes r\u00e9sz ut\u00e1n l\u00e9trehoztam egy \"Bet\u00f6lteni k\u00edv\u00e1nt poz\u00edci\u00f3\" c\u00edm\u0171 bekezd\u00e9st, minden esetben ide \u00edrom azt a munkak\u00f6rt, amire konkr\u00e9tan jelentkezem. Ugyanis alapszab\u00e1ly, hogy <strong>egy \u00e1ll\u00e1skeres\u0151nek nem egyetlen \u00f6n\u00e9letrajza van, hanem pont annyi, amennyi hirdet\u00e9sre jelentkezik.<\/strong> Vagyis minden p\u00e1ly\u00e1zat elk\u00fcld\u00e9se el\u0151tt friss\u00edtem a tartalmat, az adott hirdet\u00e9sre szabva. Ez azt az \u00e9rzetet keltheti a munkaad\u00f3ban, hogy az adott poz\u00edci\u00f3 fontos a jelentkez\u0151nek, nem csak \u00fagy elk\u00fcldte az \u00f6n\u00e9letrajz\u00e1t a vakvil\u00e1gba.<\/p>\r\n<p>- Ezut\u00e1n k\u00f6vetkezik a \"Profil\" c\u00edm\u0171 bekezd\u00e9s, amit f\u0151leg akkor haszn\u00e1lok, ha a munk\u00e1ltat\u00f3 nem k\u00e9r motiv\u00e1ci\u00f3s levelet a jelentkez\u00e9shez. Ebben a h\u00e1rom-n\u00e9gy mondatos bekezd\u00e9sben pr\u00f3b\u00e1ltam \u00f6sszefoglalni az er\u0151ss\u00e9geimet, a f\u0151bb k\u00e9szs\u00e9geimet, \u00e9s hogy milyen kih\u00edv\u00e1sokat keresek. \u00c9rdemes r\u00e1sz\u00e1nni az id\u0151t, nem is olyan egyszer\u0171 \u00f6nmagadr\u00f3l \u00f6sszerakni egy j\u00f3 jellemz\u00e9st... \u00c9n k\u00e9t napig \u00edzlelgettem, t\u00f6k\u00e9letes\u00edtettem a mondatokat, szavakat.<\/p>\r\n[caption id=\"attachment_91\" align=\"alignright\" width=\"286\"]<a href=\"https:\/\/hu.pinterest.com\/pin\/42573158951174793\/\"><img class=\"wp-image-91 \" src=\"https:\/\/allaskaland.cafeblog.hu\/files\/2015\/03\/4d7f768f2ae803e6ee00a4994e527f73-389x600.jpg\" alt=\"\" width=\"286\" height=\"441\" \/><\/a> Ez is egy \u00f6n\u00e9letrajz. :) Forr\u00e1s: Pinterest[\/caption]\r\n<p>- A \"Szakmai tapasztalatok\" r\u00e9szben id\u0151rendi sorrendben visszafel\u00e9, j\u00f3l l\u00e1that\u00f3an felt\u00fcntetem az eddigi poz\u00edci\u00f3imat. Csak a fontosabbakat, \u00e9s azokat, amelyek relev\u00e1nsak a megp\u00e1ly\u00e1zni k\u00edv\u00e1nt ter\u00fclet szempontj\u00e1b\u00f3l. Ez az \u00e9n esetemben 4 darabot jelent. A munkak\u00f6rt emelj\u00fck ki, az sokkal l\u00e9nyegesebb, mint a munkahely neve. Nemcsak az \u00e9vsz\u00e1mokat \u00edrtam a poz\u00edci\u00f3khoz, hanem az id\u0151tartamot is (1,5 \u00e9v, 2 \u00e9v), tapasztalatom szerint ez seg\u00edts\u00e9g a munk\u00e1ltat\u00f3nak, nem kell sz\u00e1molgatnia. A munkak\u00f6r ut\u00e1n minden esetben <strong>r\u00e9szleteztem az ott v\u00e9gzett f\u0151bb feladatokat is, hiszen ez mutatja igaz\u00e1n, mi az, amiben t\u00e9nyleges gyakorlatom van.<\/strong> Ez a r\u00e9sz a legk\u00e9pl\u00e9kenyebb, mindig m\u00e1st emelek ki benne: ha \u00fcgyf\u00e9l- vagy partnerkapcsolati poz\u00edci\u00f3ra jelentkezem, akkor az ez ir\u00e1ny\u00fa tapasztalatom hangs\u00falyosabb, ha sz\u00f6veg\u00edr\u00f3i munkak\u00f6rbe, akkor az \u00e1ltalam el\u0151\u00e1ll\u00edtott tartalmak mennyis\u00e9g\u00e9t \u00e9s form\u00e1it r\u00e9szletezem.<\/p>\r\n<p>- Ezut\u00e1n k\u00f6vetkeznek a tanulm\u00e1nyok, amit szint\u00e9n nem vittem t\u00falz\u00e1sba: egyetem \u00e9s gimn\u00e1zium.<\/p>\r\n<p>- A szem\u00e9lyes k\u00e9szs\u00e9gek r\u00e9szt nagyon fontosnak tartom, eddig minden \u00e1ll\u00e1sinterj\u00fan komoly szerepet kapott ez a bekezd\u00e9s. Itt r\u00e9szletezem a szervez\u0151i \u00e9s vezet\u0151i tapasztalatomat, a nyelvtud\u00e1somat, a kommunik\u00e1ci\u00f3s k\u00e9szs\u00e9gemet, a gyakorlatomat multitaskingban, \u00f6n\u00e1ll\u00f3 \u00e9s csapatban t\u00f6rt\u00e9n\u0151 munkav\u00e9gz\u00e9sben, strat\u00e9giai gondolkod\u00e1sm\u00f3dban, sz\u00e1m\u00edt\u00f3g\u00e9p-kezel\u00e9sben. Nem kell t\u00fals\u00e1gosan elny\u00fajtani ezt a r\u00e9szt, de a relev\u00e1ns tapasztalatokat \u00e9rdemes megosztani.\u00a0<\/p>\r\n<p>&nbsp;<\/p>\r\n<p>Ha j\u00f3l belegondolunk, az \u00f6n\u00e9letrajz c\u00e9lja, hogy a munkaad\u00f3 olyan azonnali, pontos k\u00e9pet kapjon r\u00f3lunk, ami alapj\u00e1n el tudja d\u00f6nteni, alkalmasak lehet\u00fcnk-e a meghirdetett \u00e1ll\u00e1sra, \u00e9s szeretne-e megismerni benn\u00fcnket. <strong>A CV-vel tessz\u00fck meg az els\u0151 l\u00e9p\u00e9st: <\/strong>igyeksz\u00fcnk felkelteni a hirdet\u0151 figyelm\u00e9t, azt az \u00e9rzetet kelteni benne, hogy klassz munkaer\u0151k vagyunk, \u00e9s ne szalassza el a lehet\u0151s\u00e9get, hogy beh\u00edvjon egy szem\u00e9lyes besz\u00e9lget\u00e9sre. A felm\u00e9r\u00e9sek szerint a munk\u00e1ltat\u00f3k sajnos \u00e1tlagosan csak 30 m\u00e1sodpercet (ide\u00e1lis esetben n\u00e9h\u00e1ny percet) t\u00f6ltenek el egy CV tanulm\u00e1nyoz\u00e1s\u00e1val, ezt \u00e9rdemes szem el\u0151tt tartani. Az \u00e1ll\u00e1sinterj\u00fa a k\u00f6vetkez\u0151 l\u00e9p\u00e9s, val\u00f3j\u00e1ban ott d\u0151l el minden, de ehhez elengedhetetlen a t\u00f6k\u00e9letesre csiszolt \u00f6n\u00e9letrajz is.<\/p>\r\n<p>Arra is mindig figyelek, hogy <strong>a p\u00e1ly\u00e1zat bead\u00e1sakor ne hib\u00e1zzak:<\/strong> ha elfelejten\u00e9m csatolni az emailhez a CV-met, ha elg\u00e9pelek valamit a lev\u00e9lben, nem t\u00fcntetem fel a poz\u00edci\u00f3t a T\u00e1rgy mez\u0151ben, azzal azt sugalln\u00e1m, hogy figyelmetlen vagyok, nem ellen\u0151rz\u00f6m a munk\u00e1m. Gondoljunk csak bele: a p\u00e1ly\u00e1zat eg\u00e9sze, \u00e9s maga az \u00f6n\u00e9letrajz is mindig k\u00e9pet ad arr\u00f3l, a tulajdonosa milyen munk\u00e1t fog v\u00e9gezni: \u00e1tgondoltat, alaposat, vagy hull\u00e1mz\u00f3 min\u0151s\u00e9g\u0171t, kapkod\u00f3sat.<\/p>\r\n<p>&nbsp;<\/p>","type":"rich","thumbnail_url":"https:\/\/allaskaland.cafeblog.hu\/files\/2015\/03\/a85cb5fa3a89fb2a200526ac53f73e20-150x150.jpg","thumbnail_width":150,"thumbnail_height":150}